{"id":607,"date":"2023-10-09T23:25:05","date_gmt":"2023-10-09T21:25:05","guid":{"rendered":"https:\/\/vamarquitectos.devserver.ovh\/serveis\/"},"modified":"2023-10-12T17:03:17","modified_gmt":"2023-10-12T15:03:17","slug":"serveis","status":"publish","type":"page","link":"https:\/\/vamarq.com\/ca\/serveis\/","title":{"rendered":"Serveis"},"content":{"rendered":"<section class=\"wpb-content-wrapper\"><!DOCTYPE html PUBLIC \"-\/\/W3C\/\/DTD HTML 4.0 Transitional\/\/EN\" \"http:\/\/www.w3.org\/TR\/REC-html40\/loose.dtd\">\n<html><body><p>[vc_section][vc_row][vc_column][vc_column_text]L&rsquo;activitat de VAM s&rsquo;orienta a la redacci&oacute; de projectes i direcci&oacute; d&rsquo;obres d&rsquo;edificis, urbanitzaci&oacute; i rehabilitaci&oacute; de qualsevol escala d&rsquo;intervenci&oacute;.[\/vc_column_text][\/vc_column][\/vc_row][vc_row][vc_column width=&rdquo;1\/2&Prime; el_class=&rdquo;mb-0&Prime;][vc_custom_heading text=&rdquo;Arquitectura&rdquo; use_theme_fonts=&rdquo;yes&rdquo; el_class=&rdquo;style-li mb-2&Prime;][vc_custom_heading text=&rdquo;Disseny d&rsquo;interiors&rdquo; use_theme_fonts=&rdquo;yes&rdquo; el_class=&rdquo;style-li mb-2&Prime;][vc_custom_heading text=&rdquo;Direcci&oacute; d&rsquo;obres&rdquo; use_theme_fonts=&rdquo;yes&rdquo; el_class=&rdquo;style-li mb-2&Prime;][vc_custom_heading text=&rdquo;Project Manager&rdquo; use_theme_fonts=&rdquo;yes&rdquo; el_class=&rdquo;style-li mb-2&Prime;][vc_custom_heading text=&rdquo;Reforma d&rsquo;habitatges, locals i oficines&rdquo; use_theme_fonts=&rdquo;yes&rdquo; el_class=&rdquo;style-li mb-2&Prime;][\/vc_column][vc_column width=&rdquo;1\/2&Prime;][vc_custom_heading text=&rdquo;Manteniment d&rsquo;edificis&rdquo; use_theme_fonts=&rdquo;yes&rdquo; el_class=&rdquo;style-li mb-2&Prime;][vc_custom_heading text=&rdquo;C&egrave;dules d&rsquo;habitabilitat&rdquo; use_theme_fonts=&rdquo;yes&rdquo; el_class=&rdquo;style-li mb-2&Prime;][vc_custom_heading text=&rdquo;Inspecci&oacute; t&egrave;cnica d&rsquo;edificis&rdquo; use_theme_fonts=&rdquo;yes&rdquo; el_class=&rdquo;style-li mb-2&Prime;][vc_custom_heading text=&rdquo;Informes i certificats&rdquo; use_theme_fonts=&rdquo;yes&rdquo; el_class=&rdquo;style-li mb-2&Prime;][vc_custom_heading text=&rdquo;Modelat BIM&rdquo; use_theme_fonts=&rdquo;yes&rdquo; el_class=&rdquo;style-li mb-2&Prime;][\/vc_column][\/vc_row][vc_row][vc_column][vc_custom_heading text=&rdquo;Certificats d&rsquo;efici&egrave;ncia energ&egrave;tica&rdquo; use_theme_fonts=&rdquo;yes&rdquo; el_class=&rdquo;style-li mb-3&Prime;][vc_column_text el_class=&rdquo;mb-1&Prime; css=&rdquo;.vc_custom_1696886144930{margin-left: 30px !important;}&rdquo;]<strong>Qu&egrave; &eacute;s la certificaci&oacute; energ&egrave;tica?<\/strong>[\/vc_column_text][vc_column_text el_class=&rdquo;mb-3&Prime; css=&rdquo;.vc_custom_1696886221486{margin-left: 30px !important;}&rdquo;]Es tracta d&rsquo;un document pel qual es verifiquen les caracter&iacute;stiques energ&egrave;tiques d&rsquo;un immoble, obtenint aix&iacute; una qualificaci&oacute; energ&egrave;tica[\/vc_column_text][vc_column_text el_class=&rdquo;mb-1&Prime; css=&rdquo;.vc_custom_1696886190773{margin-left: 30px !important;}&rdquo;]<strong>Quan es realitza?<\/strong>[\/vc_column_text][vc_column_text el_class=&rdquo;mb-3&Prime; css=&rdquo;.vc_custom_1696886213772{margin-left: 30px !important;}&rdquo;]Des de l&rsquo;1 de juny de 2013, regulat pel Reial decret 235\/2013 de 5 d&rsquo;abril, en el qual s&rsquo;aprova el Procediment B&agrave;sic per a la Certificaci&oacute; de l&rsquo;Efici&egrave;ncia Energ&egrave;tica dels Edificis[\/vc_column_text][vc_column_text el_class=&rdquo;mb-1&Prime; css=&rdquo;.vc_custom_1696886240580{margin-left: 30px !important;}&rdquo;]<strong>&Eacute;s obligat&ograve;ria la certificaci&oacute; energ&egrave;tica?<\/strong>[\/vc_column_text][vc_column_text el_class=&rdquo;mb-3&Prime; css=&rdquo;.vc_custom_1696886304641{margin-left: 30px !important;}&rdquo;]Si, &eacute;s exigible per a tots els immobles en els contractes de compra-venda o arrendament. L&rsquo;etiqueta d&rsquo;efici&egrave;ncia energ&egrave;tica ha de figurar en tota oferta, promoci&oacute; i publicitat dirigida a la venda o lloguer de l&rsquo;habitatge.<br>\nEn el cas que un local es vengui o llogui amb llic&egrave;ncia d&rsquo;activitat, &eacute;s necessari disposar del certificat d&rsquo;efici&egrave;ncia energ&egrave;tica. En el cas que no es disposi de llic&egrave;ncia d&rsquo;activitat, no &eacute;s necessari disposar del certificat, i aquest ser&agrave; obligatori quan se sol&middot;liciti l&rsquo;alta d&rsquo;activitat.[\/vc_column_text][vc_column_text el_class=&rdquo;mb-1&Prime; css=&rdquo;.vc_custom_1696886331826{margin-left: 30px !important;}&rdquo;]<strong>Qu&egrave; aporta el certificat?<\/strong><\/p>\n<p>[\/vc_column_text][vc_column_text el_class=&rdquo;mb-3&Prime; css=&rdquo;.vc_custom_1696886402435{margin-left: 30px !important;}&rdquo;]Permet determinar la qualitat de l&rsquo;habitatge des d&rsquo;un punt de vista d&rsquo;estalvi energ&egrave;tic. L&rsquo;etiqueta energ&egrave;tica classifica els edificis des de la A (Favorable) a la G (Desfavorable). Una bona certificaci&oacute; permet al propietari augmentar la qualitat de l&rsquo;habitatge que desitja vendre o llogar.[\/vc_column_text][vc_column_text el_class=&rdquo;mb-1&Prime; css=&rdquo;.vc_custom_1696886433746{margin-left: 30px !important;}&rdquo;]<strong>Quina validesa t&eacute; el certificat?<\/strong>[\/vc_column_text][vc_column_text el_class=&rdquo;mb-3&Prime; css=&rdquo;.vc_custom_1696886446987{margin-left: 30px !important;}&rdquo;]El certificat t&eacute; una validesa de 10 anys. Els potencials estalvis a obtenir superen amb escreix el cost del certificat[\/vc_column_text][vc_column_text el_class=&rdquo;mb-1&Prime; css=&rdquo;.vc_custom_1696886478378{margin-left: 30px !important;}&rdquo;]<strong>Poden exigir els inquilins el certificat als propietaris?<\/strong>[\/vc_column_text][vc_column_text el_class=&rdquo;mb-3&Prime; css=&rdquo;.vc_custom_1696886498593{margin-left: 30px !important;}&rdquo;]Si l&rsquo;habitatge no est&agrave; exempta del seu compliment, el propietari t&eacute; l&rsquo;obligaci&oacute; de tenir aquest certificat. El comprador\/inquil&iacute; podr&agrave; reclamar al venedor\/arrendador aquest certificat.[\/vc_column_text][vc_column_text el_class=&rdquo;mb-1&Prime; css=&rdquo;.vc_custom_1696886517074{margin-left: 30px !important;}&rdquo;]<strong>Existeixen sancions si no es disposa del certificat?<\/strong>[\/vc_column_text][vc_column_text el_class=&rdquo;mb-3&Prime; css=&rdquo;.vc_custom_1696886664498{margin-left: 30px !important;}&rdquo;]S&iacute;. El venedor\/arrendador podr&agrave; ser multat per infracci&oacute; als Drets dels Consumidors. Les sancions van des de 300&euro; les faltes lleus fins a 6.000&euro; les faltes greus(RD 235\/2013). Com que l&rsquo;etiqueta energ&egrave;tica ha d&rsquo;incorporar-se a tota oferta, promoci&oacute; i publicitat dirigida a venda o lloguer, es podr&agrave; sancionar als propietaris o a immobili&agrave;ries.[\/vc_column_text][vc_column_text el_class=&rdquo;mb-1&Prime; css=&rdquo;.vc_custom_1696886545771{margin-left: 30px !important;}&rdquo;]<strong>Quin &eacute;s el procediment?<\/strong>[\/vc_column_text][vc_single_image image=&rdquo;311&Prime; img_size=&rdquo;full&rdquo; alignment=&rdquo;center&rdquo; el_class=&rdquo;mb-3&Prime; css=&rdquo;.vc_custom_1696942768536{margin-left: 30px !important;}&rdquo;][vc_column_text el_class=&rdquo;mb-1&Prime; css=&rdquo;.vc_custom_1696886591250{margin-left: 30px !important;}&rdquo;]<strong>Quin &eacute;s el seu preu?<\/strong>[\/vc_column_text][vc_column_text el_class=&rdquo;mb-3&Prime; css=&rdquo;.vc_custom_1696886603739{margin-left: 30px !important;}&rdquo;]El preu va en funci&oacute; de la tipologia de l&rsquo;habitatge:<br>\nPisos i oficines &gt;<br>\nLocals comercials &gt;<br>\nHabitatges unifamiliars &gt;<br>\nEdifici complet &gt;[\/vc_column_text][vc_column_text el_class=&rdquo;mb-1&Prime; css=&rdquo;.vc_custom_1696886622820{margin-left: 30px !important;}&rdquo;]<strong>Vull obtenir una certificaci&oacute; energ&egrave;tica<\/strong>[\/vc_column_text][vc_column_text el_class=&rdquo;mb-3&Prime; css=&rdquo;.vc_custom_1696886639330{margin-left: 30px !important;}&rdquo;]Posa&rsquo;t en contacte amb nosaltres, telefona&rsquo;ns al 93 591 02 38 o veuen a visitar-nos al nostre estudi en Passeig Cordelles 73, 08290 Cerdanyola del Vall&egrave;s (Barcelona) i t&rsquo;assessorarem per a l&rsquo;obtenci&oacute; del certificat.[\/vc_column_text][\/vc_column][\/vc_row][\/vc_section]<\/p>\n<\/body><\/html>\n<\/section>","protected":false},"excerpt":{"rendered":"[vc_section][vc_row][vc_column][vc_column_text]L&rsquo;activitat de VAM s&rsquo;orienta a la redacci&oacute; de projectes i direcci&oacute; d&rsquo;obres d&rsquo;edificis, urbanitzaci&oacute; i rehabilitaci&oacute; de qualsevol escala d&rsquo;intervenci&oacute;.[\/vc_column_text][\/vc_column][\/vc_row][vc_row][vc_column width=&rdquo;1\/2&Prime; el_class=&rdquo;mb-0&Prime;][vc_custom_heading text=&rdquo;Arquitectura&rdquo; use_theme_fonts=&rdquo;yes&rdquo; el_class=&rdquo;style-li mb-2&Prime;][vc_custom_heading text=&rdquo;Disseny d&rsquo;interiors&rdquo; use_theme_fonts=&rdquo;yes&rdquo; el_class=&rdquo;style-li mb-2&Prime;][vc_custom_heading text=&rdquo;Direcci&oacute; d&rsquo;obres&rdquo; use_theme_fonts=&rdquo;yes&rdquo; el_class=&rdquo;style-li mb-2&Prime;][vc_custom_heading text=&rdquo;Project Manager&rdquo; use_theme_fonts=&rdquo;yes&rdquo; el_class=&rdquo;style-li mb-2&Prime;][vc_custom_heading text=&rdquo;Reforma d&rsquo;habitatges, locals i oficines&rdquo; use_theme_fonts=&rdquo;yes&rdquo; el_class=&rdquo;style-li mb-2&Prime;][\/vc_column][vc_column width=&rdquo;1\/2&Prime;][vc_custom_heading text=&rdquo;Manteniment d&rsquo;edificis&rdquo; use_theme_fonts=&rdquo;yes&rdquo; el_class=&rdquo;style-li mb-2&Prime;][vc_custom_heading&#8230; <p><a class=\"view-article btn btn-secondary\" href=\"https:\/\/vamarq.com\/ca\/serveis\/\" role=\"button\">Read more <\/a><\/p>","protected":false},"author":1,"featured_media":549,"parent":0,"menu_order":0,"comment_status":"closed","ping_status":"closed","template":"","meta":{"inline_featured_image":false,"footnotes":""},"class_list":["post-607","page","type-page","status-publish","has-post-thumbnail","hentry"],"yoast_head":"<!-- This site is optimized with the Yoast SEO plugin v21.3 - https:\/\/yoast.com\/wordpress\/plugins\/seo\/ -->\n<title>Serveis | VAM Arquitectos<\/title>\n<meta name=\"description\" content=\"Serveis d&#039;arquitectura, disseny d&#039;interiors, direcci\u00f3 d&#039;obres, reformes. Certificat d&#039;efici\u00e8ncia energ\u00e8tica i modelatge BIM.\" \/>\n<meta name=\"robots\" content=\"index, follow, max-snippet:-1, max-image-preview:large, max-video-preview:-1\" \/>\n<link rel=\"canonical\" href=\"https:\/\/vamarq.com\/ca\/serveis\/\" \/>\n<meta property=\"og:locale\" content=\"ca_ES\" \/>\n<meta property=\"og:type\" content=\"article\" \/>\n<meta property=\"og:title\" content=\"Serveis | VAM Arquitectos\" \/>\n<meta property=\"og:description\" content=\"Serveis d&#039;arquitectura, disseny d&#039;interiors, direcci\u00f3 d&#039;obres, reformes. Certificat d&#039;efici\u00e8ncia energ\u00e8tica i modelatge BIM.\" \/>\n<meta property=\"og:url\" content=\"https:\/\/vamarq.com\/ca\/serveis\/\" \/>\n<meta property=\"og:site_name\" content=\"Quim Padr\u00f3\" \/>\n<meta property=\"article:modified_time\" content=\"2023-10-12T15:03:17+00:00\" \/>\n<meta property=\"og:image\" content=\"https:\/\/vamarq.com\/wp-content\/uploads\/2023\/10\/Casa-Rodoreda15-cocina-comedor-panel-corredero-01.jpg\" \/>\n\t<meta property=\"og:image:width\" content=\"1140\" \/>\n\t<meta property=\"og:image:height\" content=\"800\" \/>\n\t<meta property=\"og:image:type\" content=\"image\/jpeg\" \/>\n<meta name=\"twitter:card\" content=\"summary_large_image\" \/>\n<script type=\"application\/ld+json\" class=\"yoast-schema-graph\">{\"@context\":\"https:\/\/schema.org\",\"@graph\":[{\"@type\":\"WebPage\",\"@id\":\"https:\/\/vamarq.com\/ca\/serveis\/\",\"url\":\"https:\/\/vamarq.com\/ca\/serveis\/\",\"name\":\"Serveis | VAM Arquitectos\",\"isPartOf\":{\"@id\":\"https:\/\/vamarq.com\/ca\/#website\"},\"datePublished\":\"2023-10-09T21:25:05+00:00\",\"dateModified\":\"2023-10-12T15:03:17+00:00\",\"description\":\"Serveis d'arquitectura, disseny d'interiors, direcci\u00f3 d'obres, reformes. Certificat d'efici\u00e8ncia energ\u00e8tica i modelatge BIM.\",\"breadcrumb\":{\"@id\":\"https:\/\/vamarq.com\/ca\/serveis\/#breadcrumb\"},\"inLanguage\":\"ca\",\"potentialAction\":[{\"@type\":\"ReadAction\",\"target\":[\"https:\/\/vamarq.com\/ca\/serveis\/\"]}]},{\"@type\":\"BreadcrumbList\",\"@id\":\"https:\/\/vamarq.com\/ca\/serveis\/#breadcrumb\",\"itemListElement\":[{\"@type\":\"ListItem\",\"position\":1,\"name\":\"Home\",\"item\":\"https:\/\/vamarq.com\/ca\/\"},{\"@type\":\"ListItem\",\"position\":2,\"name\":\"Serveis\"}]},{\"@type\":\"WebSite\",\"@id\":\"https:\/\/vamarq.com\/ca\/#website\",\"url\":\"https:\/\/vamarq.com\/ca\/\",\"name\":\"Quim Padr\u00f3\",\"description\":\"Web despacho Arquitectura VAM Arquitectos\",\"potentialAction\":[{\"@type\":\"SearchAction\",\"target\":{\"@type\":\"EntryPoint\",\"urlTemplate\":\"https:\/\/vamarq.com\/ca\/?s={search_term_string}\"},\"query-input\":\"required name=search_term_string\"}],\"inLanguage\":\"ca\"}]}<\/script>\n<!-- \/ Yoast SEO plugin. -->","yoast_head_json":{"title":"Serveis | VAM Arquitectos","description":"Serveis d'arquitectura, disseny d'interiors, direcci\u00f3 d'obres, reformes. Certificat d'efici\u00e8ncia energ\u00e8tica i modelatge BIM.","robots":{"index":"index","follow":"follow","max-snippet":"max-snippet:-1","max-image-preview":"max-image-preview:large","max-video-preview":"max-video-preview:-1"},"canonical":"https:\/\/vamarq.com\/ca\/serveis\/","og_locale":"ca_ES","og_type":"article","og_title":"Serveis | VAM Arquitectos","og_description":"Serveis d'arquitectura, disseny d'interiors, direcci\u00f3 d'obres, reformes. Certificat d'efici\u00e8ncia energ\u00e8tica i modelatge BIM.","og_url":"https:\/\/vamarq.com\/ca\/serveis\/","og_site_name":"Quim Padr\u00f3","article_modified_time":"2023-10-12T15:03:17+00:00","og_image":[{"width":1140,"height":800,"url":"https:\/\/vamarq.com\/wp-content\/uploads\/2023\/10\/Casa-Rodoreda15-cocina-comedor-panel-corredero-01.jpg","type":"image\/jpeg"}],"twitter_card":"summary_large_image","schema":{"@context":"https:\/\/schema.org","@graph":[{"@type":"WebPage","@id":"https:\/\/vamarq.com\/ca\/serveis\/","url":"https:\/\/vamarq.com\/ca\/serveis\/","name":"Serveis | VAM Arquitectos","isPartOf":{"@id":"https:\/\/vamarq.com\/ca\/#website"},"datePublished":"2023-10-09T21:25:05+00:00","dateModified":"2023-10-12T15:03:17+00:00","description":"Serveis d'arquitectura, disseny d'interiors, direcci\u00f3 d'obres, reformes. Certificat d'efici\u00e8ncia energ\u00e8tica i modelatge BIM.","breadcrumb":{"@id":"https:\/\/vamarq.com\/ca\/serveis\/#breadcrumb"},"inLanguage":"ca","potentialAction":[{"@type":"ReadAction","target":["https:\/\/vamarq.com\/ca\/serveis\/"]}]},{"@type":"BreadcrumbList","@id":"https:\/\/vamarq.com\/ca\/serveis\/#breadcrumb","itemListElement":[{"@type":"ListItem","position":1,"name":"Home","item":"https:\/\/vamarq.com\/ca\/"},{"@type":"ListItem","position":2,"name":"Serveis"}]},{"@type":"WebSite","@id":"https:\/\/vamarq.com\/ca\/#website","url":"https:\/\/vamarq.com\/ca\/","name":"Quim Padr\u00f3","description":"Web despacho Arquitectura VAM Arquitectos","potentialAction":[{"@type":"SearchAction","target":{"@type":"EntryPoint","urlTemplate":"https:\/\/vamarq.com\/ca\/?s={search_term_string}"},"query-input":"required name=search_term_string"}],"inLanguage":"ca"}]}},"_links":{"self":[{"href":"https:\/\/vamarq.com\/ca\/wp-json\/wp\/v2\/pages\/607","targetHints":{"allow":["GET"]}}],"collection":[{"href":"https:\/\/vamarq.com\/ca\/wp-json\/wp\/v2\/pages"}],"about":[{"href":"https:\/\/vamarq.com\/ca\/wp-json\/wp\/v2\/types\/page"}],"author":[{"embeddable":true,"href":"https:\/\/vamarq.com\/ca\/wp-json\/wp\/v2\/users\/1"}],"replies":[{"embeddable":true,"href":"https:\/\/vamarq.com\/ca\/wp-json\/wp\/v2\/comments?post=607"}],"version-history":[{"count":0,"href":"https:\/\/vamarq.com\/ca\/wp-json\/wp\/v2\/pages\/607\/revisions"}],"wp:featuredmedia":[{"embeddable":true,"href":"https:\/\/vamarq.com\/ca\/wp-json\/wp\/v2\/media\/549"}],"wp:attachment":[{"href":"https:\/\/vamarq.com\/ca\/wp-json\/wp\/v2\/media?parent=607"}],"curies":[{"name":"wp","href":"https:\/\/api.w.org\/{rel}","templated":true}]}}